{"id":9243,"date":"2026-04-06T10:00:00","date_gmt":"2026-04-06T08:00:00","guid":{"rendered":"https:\/\/isis.fr\/diabete\/?post_type=mon-diabete-et-moi&#038;p=9243"},"modified":"2026-03-20T14:58:34","modified_gmt":"2026-03-20T13:58:34","slug":"salade-dasperges-et-oeufs-poches","status":"publish","type":"mon-diabete-et-moi","link":"https:\/\/isis.fr\/diabete\/mon-diabete-et-moi\/salade-dasperges-et-oeufs-poches\/","title":{"rendered":"Salade d\u2019asperges et \u0153ufs poch\u00e9s"},"content":{"rendered":"\n<p>Aujourd\u2019hui, ISIS DIAB\u00c8TE vous propose une entr\u00e9e : une salade d\u2019asperges et \u0153ufs poch\u00e9s.<\/p>\n\n\n\n<p>Cette recette a \u00e9t\u00e9 s\u00e9lectionn\u00e9e par notre di\u00e9t\u00e9ticienne et est adapt\u00e9e aux personnes vivant avec un diab\u00e8te.<\/p>\n\n\n\n<h2 class=\"wp-block-heading has-text-color has-link-color wp-elements-06d90b9b98a26c14ce564484e0eb6947\" style=\"color:#fbb41c\">Pr\u00e9paration et informations nutritionnelles<\/h2>\n\n\n\n<figure class=\"wp-block-table alignleft is-style-stripes\"><table><tbody><tr><td><\/td><td><strong>\u00c9nergie <\/strong>: 180 kcal<\/td><td><strong>Lipides<\/strong> : 8 g<\/td><\/tr><tr><td><\/td><td><strong>Prot\u00e9ines<\/strong> : 14 g<\/td><td><strong>Glucides <\/strong>: 6 g<\/td><\/tr><\/tbody><\/table><\/figure>\n\n\n\n<p><\/p>\n\n\n\n<p><\/p>\n\n\n\n<h2 class=\"wp-block-heading has-text-color has-link-color wp-elements-a32c5018aa81820b81c76fcdfe06aecb\" style=\"color:#fbb41c\">Les ingr\u00e9dients<\/h2>\n\n\n\n<ul class=\"wp-block-list\">\n<li>400 g d\u2019asperges vertes<\/li>\n\n\n\n<li>4 \u0153ufs<\/li>\n\n\n\n<li>1 c. \u00e0 soupe d\u2019huile d\u2019olive<\/li>\n\n\n\n<li>1 c. \u00e0 soupe de vinaigre balsamique<\/li>\n\n\n\n<li>Sel, poivre<\/li>\n\n\n\n<li>Ciboulette<\/li>\n<\/ul>\n\n\n\n<h2 class=\"wp-block-heading has-text-color has-link-color wp-elements-4471ad08f494dd34b1c23bdf80c406c7\" style=\"color:#fbb41c\">Les ustensiles<\/h2>\n\n\n\n<ul class=\"wp-block-list\">\n<li>Casserole ou cuiseur vapeur<\/li>\n\n\n\n<li>Casserole pour pocher les \u0153ufs<\/li>\n\n\n\n<li>Saladier<\/li>\n\n\n\n<li>Couteau et planche<\/li>\n\n\n\n<li>Cuill\u00e8re<\/li>\n<\/ul>\n\n\n\n<h2 class=\"wp-block-heading has-text-color has-link-color wp-elements-786a93a8ee3dc07de339cd3509c6fc42\" style=\"color:#fbb41c\">Les \u00e9tapes de pr\u00e9paration<\/h2>\n\n\n\n<h3 class=\"wp-block-heading\">\u00c9tape n\u00b01 :<\/h3>\n\n\n\n<p>Faites cuire les asperges 10 min \u00e0 la vapeur.<\/p>\n\n\n\n<h3 class=\"wp-block-heading\">\u00c9tape n\u00b02 :<\/h3>\n\n\n\n<p>Pochez les \u0153ufs 4 min.<\/p>\n\n\n\n<h3 class=\"wp-block-heading\">\u00c9tape n\u00b03 :<\/h3>\n\n\n\n<p>M\u00e9langez les asperges et la vinaigrette (huile, vinaigre, sel, poivre).<\/p>\n\n\n\n<h3 class=\"wp-block-heading\">\u00c9tape n\u00b04 :<\/h3>\n\n\n\n<p>Ajoutez un \u0153uf poch\u00e9 par assiette et parsemez de ciboulette.<\/p>\n\n\n\n<p><\/p>\n\n\n\n<h1 class=\"wp-block-heading has-text-align-center has-large-font-size\">Bonne d\u00e9gustation !<\/h1>\n","protected":false},"excerpt":{"rendered":"<p>Aujourd\u2019hui, ISIS DIAB\u00c8TE vous propose une entr\u00e9e : une salade d\u2019asperges et \u0153ufs poch\u00e9s. Cette recette a \u00e9t\u00e9 s\u00e9lectionn\u00e9e par notre di\u00e9t\u00e9ticienne et est adapt\u00e9e aux personnes vivant avec un diab\u00e8te. Pr\u00e9paration et informations nutritionnelles \u00c9nergie : 180 kcal Lipides : 8 g Prot\u00e9ines : 14 g Glucides : 6 g Les ingr\u00e9dients Les ustensiles [&hellip;]<\/p>\n","protected":false},"featured_media":9244,"template":"","format":"standard","meta":{"_acf_changed":false},"tags":[10,94,17,22,13],"mon-diabete-et-moi-categories":[77],"class_list":["post-9243","mon-diabete-et-moi","type-mon-diabete-et-moi","status-publish","format-standard","has-post-thumbnail","hentry","tag-4-personnes","tag-alimentation","tag-diabete","tag-entree","tag-recette-facile","mon-diabete-et-moi-categories-recette-diabete"],"acf":[],"yoast_head":"<!-- This site is optimized with the Yoast SEO plugin v27.5 - https:\/\/yoast.com\/product\/yoast-seo-wordpress\/ -->\n<title>Salade d\u2019asperges et \u0153ufs poch\u00e9s - ISIS DIABETE<\/title>\n<meta name=\"description\" content=\"D\u00e9couvrez notre recette de salade d\u2019asperges et \u0153ufs poch\u00e9s. Cette recette est adapt\u00e9e aux personnes vivant avec un diab\u00e8te.\" \/>\n<meta name=\"robots\" content=\"index, follow, max-snippet:-1, max-image-preview:large, max-video-preview:-1\" \/>\n<link rel=\"canonical\" href=\"https:\/\/isis.fr\/diabete\/mon-diabete-et-moi\/salade-dasperges-et-oeufs-poches\/\" \/>\n<meta property=\"og:locale\" content=\"fr_FR\" \/>\n<meta property=\"og:type\" content=\"article\" \/>\n<meta property=\"og:title\" content=\"Salade d\u2019asperges et \u0153ufs poch\u00e9s - ISIS DIABETE\" \/>\n<meta property=\"og:description\" content=\"D\u00e9couvrez notre recette de salade d\u2019asperges et \u0153ufs poch\u00e9s. Cette recette est adapt\u00e9e aux personnes vivant avec un diab\u00e8te.\" \/>\n<meta property=\"og:url\" content=\"https:\/\/isis.fr\/diabete\/mon-diabete-et-moi\/salade-dasperges-et-oeufs-poches\/\" \/>\n<meta property=\"og:site_name\" content=\"ISIS DIABETE\" \/>\n<meta property=\"og:image\" content=\"https:\/\/isis.fr\/diabete\/wp-content\/uploads\/sites\/2\/2026\/03\/Salade-dasperges-et-oeufs-poches.png\" \/>\n\t<meta property=\"og:image:width\" content=\"1024\" \/>\n\t<meta property=\"og:image:height\" content=\"1024\" \/>\n\t<meta property=\"og:image:type\" content=\"image\/png\" \/>\n<meta name=\"twitter:card\" content=\"summary_large_image\" \/>\n<meta name=\"twitter:label1\" content=\"Dur\u00e9e de lecture estim\u00e9e\" \/>\n\t<meta name=\"twitter:data1\" content=\"1 minute\" \/>\n<script type=\"application\/ld+json\" class=\"yoast-schema-graph\">{\"@context\":\"https:\\\/\\\/schema.org\",\"@graph\":[{\"@type\":\"WebPage\",\"@id\":\"https:\\\/\\\/isis.fr\\\/diabete\\\/mon-diabete-et-moi\\\/salade-dasperges-et-oeufs-poches\\\/\",\"url\":\"https:\\\/\\\/isis.fr\\\/diabete\\\/mon-diabete-et-moi\\\/salade-dasperges-et-oeufs-poches\\\/\",\"name\":\"Salade d\u2019asperges et \u0153ufs poch\u00e9s - ISIS DIABETE\",\"isPartOf\":{\"@id\":\"https:\\\/\\\/isis.fr\\\/diabete\\\/#website\"},\"primaryImageOfPage\":{\"@id\":\"https:\\\/\\\/isis.fr\\\/diabete\\\/mon-diabete-et-moi\\\/salade-dasperges-et-oeufs-poches\\\/#primaryimage\"},\"image\":{\"@id\":\"https:\\\/\\\/isis.fr\\\/diabete\\\/mon-diabete-et-moi\\\/salade-dasperges-et-oeufs-poches\\\/#primaryimage\"},\"thumbnailUrl\":\"https:\\\/\\\/isis.fr\\\/diabete\\\/wp-content\\\/uploads\\\/sites\\\/2\\\/2026\\\/03\\\/Salade-dasperges-et-oeufs-poches.png\",\"datePublished\":\"2026-04-06T08:00:00+00:00\",\"description\":\"D\u00e9couvrez notre recette de salade d\u2019asperges et \u0153ufs poch\u00e9s. Cette recette est adapt\u00e9e aux personnes vivant avec un diab\u00e8te.\",\"breadcrumb\":{\"@id\":\"https:\\\/\\\/isis.fr\\\/diabete\\\/mon-diabete-et-moi\\\/salade-dasperges-et-oeufs-poches\\\/#breadcrumb\"},\"inLanguage\":\"fr-FR\",\"potentialAction\":[{\"@type\":\"ReadAction\",\"target\":[\"https:\\\/\\\/isis.fr\\\/diabete\\\/mon-diabete-et-moi\\\/salade-dasperges-et-oeufs-poches\\\/\"]}]},{\"@type\":\"ImageObject\",\"inLanguage\":\"fr-FR\",\"@id\":\"https:\\\/\\\/isis.fr\\\/diabete\\\/mon-diabete-et-moi\\\/salade-dasperges-et-oeufs-poches\\\/#primaryimage\",\"url\":\"https:\\\/\\\/isis.fr\\\/diabete\\\/wp-content\\\/uploads\\\/sites\\\/2\\\/2026\\\/03\\\/Salade-dasperges-et-oeufs-poches.png\",\"contentUrl\":\"https:\\\/\\\/isis.fr\\\/diabete\\\/wp-content\\\/uploads\\\/sites\\\/2\\\/2026\\\/03\\\/Salade-dasperges-et-oeufs-poches.png\",\"width\":1024,\"height\":1024,\"caption\":\"Salade d\u2019asperges et \u0153ufs poch\u00e9s\"},{\"@type\":\"BreadcrumbList\",\"@id\":\"https:\\\/\\\/isis.fr\\\/diabete\\\/mon-diabete-et-moi\\\/salade-dasperges-et-oeufs-poches\\\/#breadcrumb\",\"itemListElement\":[{\"@type\":\"ListItem\",\"position\":1,\"name\":\"Accueil\",\"item\":\"https:\\\/\\\/isis.fr\\\/diabete\\\/\"},{\"@type\":\"ListItem\",\"position\":2,\"name\":\"Mon diab\u00e8te et moi\",\"item\":\"https:\\\/\\\/isis.fr\\\/diabete\\\/Mon diab\u00e8te et moi\\\/\"},{\"@type\":\"ListItem\",\"position\":3,\"name\":\"Salade d\u2019asperges et \u0153ufs poch\u00e9s\"}]},{\"@type\":\"WebSite\",\"@id\":\"https:\\\/\\\/isis.fr\\\/diabete\\\/#website\",\"url\":\"https:\\\/\\\/isis.fr\\\/diabete\\\/\",\"name\":\"ISIS DIABETE\",\"description\":\"\",\"potentialAction\":[{\"@type\":\"SearchAction\",\"target\":{\"@type\":\"EntryPoint\",\"urlTemplate\":\"https:\\\/\\\/isis.fr\\\/diabete\\\/?s={search_term_string}\"},\"query-input\":{\"@type\":\"PropertyValueSpecification\",\"valueRequired\":true,\"valueName\":\"search_term_string\"}}],\"inLanguage\":\"fr-FR\"}]}<\/script>\n<!-- \/ Yoast SEO plugin. -->","yoast_head_json":{"title":"Salade d\u2019asperges et \u0153ufs poch\u00e9s - ISIS DIABETE","description":"D\u00e9couvrez notre recette de salade d\u2019asperges et \u0153ufs poch\u00e9s. Cette recette est adapt\u00e9e aux personnes vivant avec un diab\u00e8te.","robots":{"index":"index","follow":"follow","max-snippet":"max-snippet:-1","max-image-preview":"max-image-preview:large","max-video-preview":"max-video-preview:-1"},"canonical":"https:\/\/isis.fr\/diabete\/mon-diabete-et-moi\/salade-dasperges-et-oeufs-poches\/","og_locale":"fr_FR","og_type":"article","og_title":"Salade d\u2019asperges et \u0153ufs poch\u00e9s - ISIS DIABETE","og_description":"D\u00e9couvrez notre recette de salade d\u2019asperges et \u0153ufs poch\u00e9s. Cette recette est adapt\u00e9e aux personnes vivant avec un diab\u00e8te.","og_url":"https:\/\/isis.fr\/diabete\/mon-diabete-et-moi\/salade-dasperges-et-oeufs-poches\/","og_site_name":"ISIS DIABETE","og_image":[{"width":1024,"height":1024,"url":"https:\/\/isis.fr\/diabete\/wp-content\/uploads\/sites\/2\/2026\/03\/Salade-dasperges-et-oeufs-poches.png","type":"image\/png"}],"twitter_card":"summary_large_image","twitter_misc":{"Dur\u00e9e de lecture estim\u00e9e":"1 minute"},"schema":{"@context":"https:\/\/schema.org","@graph":[{"@type":"WebPage","@id":"https:\/\/isis.fr\/diabete\/mon-diabete-et-moi\/salade-dasperges-et-oeufs-poches\/","url":"https:\/\/isis.fr\/diabete\/mon-diabete-et-moi\/salade-dasperges-et-oeufs-poches\/","name":"Salade d\u2019asperges et \u0153ufs poch\u00e9s - ISIS DIABETE","isPartOf":{"@id":"https:\/\/isis.fr\/diabete\/#website"},"primaryImageOfPage":{"@id":"https:\/\/isis.fr\/diabete\/mon-diabete-et-moi\/salade-dasperges-et-oeufs-poches\/#primaryimage"},"image":{"@id":"https:\/\/isis.fr\/diabete\/mon-diabete-et-moi\/salade-dasperges-et-oeufs-poches\/#primaryimage"},"thumbnailUrl":"https:\/\/isis.fr\/diabete\/wp-content\/uploads\/sites\/2\/2026\/03\/Salade-dasperges-et-oeufs-poches.png","datePublished":"2026-04-06T08:00:00+00:00","description":"D\u00e9couvrez notre recette de salade d\u2019asperges et \u0153ufs poch\u00e9s. Cette recette est adapt\u00e9e aux personnes vivant avec un diab\u00e8te.","breadcrumb":{"@id":"https:\/\/isis.fr\/diabete\/mon-diabete-et-moi\/salade-dasperges-et-oeufs-poches\/#breadcrumb"},"inLanguage":"fr-FR","potentialAction":[{"@type":"ReadAction","target":["https:\/\/isis.fr\/diabete\/mon-diabete-et-moi\/salade-dasperges-et-oeufs-poches\/"]}]},{"@type":"ImageObject","inLanguage":"fr-FR","@id":"https:\/\/isis.fr\/diabete\/mon-diabete-et-moi\/salade-dasperges-et-oeufs-poches\/#primaryimage","url":"https:\/\/isis.fr\/diabete\/wp-content\/uploads\/sites\/2\/2026\/03\/Salade-dasperges-et-oeufs-poches.png","contentUrl":"https:\/\/isis.fr\/diabete\/wp-content\/uploads\/sites\/2\/2026\/03\/Salade-dasperges-et-oeufs-poches.png","width":1024,"height":1024,"caption":"Salade d\u2019asperges et \u0153ufs poch\u00e9s"},{"@type":"BreadcrumbList","@id":"https:\/\/isis.fr\/diabete\/mon-diabete-et-moi\/salade-dasperges-et-oeufs-poches\/#breadcrumb","itemListElement":[{"@type":"ListItem","position":1,"name":"Accueil","item":"https:\/\/isis.fr\/diabete\/"},{"@type":"ListItem","position":2,"name":"Mon diab\u00e8te et moi","item":"https:\/\/isis.fr\/diabete\/Mon diab\u00e8te et moi\/"},{"@type":"ListItem","position":3,"name":"Salade d\u2019asperges et \u0153ufs poch\u00e9s"}]},{"@type":"WebSite","@id":"https:\/\/isis.fr\/diabete\/#website","url":"https:\/\/isis.fr\/diabete\/","name":"ISIS DIABETE","description":"","potentialAction":[{"@type":"SearchAction","target":{"@type":"EntryPoint","urlTemplate":"https:\/\/isis.fr\/diabete\/?s={search_term_string}"},"query-input":{"@type":"PropertyValueSpecification","valueRequired":true,"valueName":"search_term_string"}}],"inLanguage":"fr-FR"}]}},"_links":{"self":[{"href":"https:\/\/isis.fr\/diabete\/wp-json\/wp\/v2\/mon-diabete-et-moi\/9243","targetHints":{"allow":["GET"]}}],"collection":[{"href":"https:\/\/isis.fr\/diabete\/wp-json\/wp\/v2\/mon-diabete-et-moi"}],"about":[{"href":"https:\/\/isis.fr\/diabete\/wp-json\/wp\/v2\/types\/mon-diabete-et-moi"}],"wp:featuredmedia":[{"embeddable":true,"href":"https:\/\/isis.fr\/diabete\/wp-json\/wp\/v2\/media\/9244"}],"wp:attachment":[{"href":"https:\/\/isis.fr\/diabete\/wp-json\/wp\/v2\/media?parent=9243"}],"wp:term":[{"taxonomy":"post_tag","embeddable":true,"href":"https:\/\/isis.fr\/diabete\/wp-json\/wp\/v2\/tags?post=9243"},{"taxonomy":"mon-diabete-et-moi-categories","embeddable":true,"href":"https:\/\/isis.fr\/diabete\/wp-json\/wp\/v2\/mon-diabete-et-moi-categories?post=9243"}],"curies":[{"name":"wp","href":"https:\/\/api.w.org\/{rel}","templated":true}]}}